{"id":102,"date":"2020-07-10T16:40:47","date_gmt":"2020-07-10T14:40:47","guid":{"rendered":"http:\/\/novyweb.spzo.cz\/?page_id=102"},"modified":"2021-03-18T17:55:50","modified_gmt":"2021-03-18T16:55:50","slug":"prof-fabry","status":"publish","type":"page","link":"https:\/\/www.spzo.cz\/?page_id=102","title":{"rendered":"Prof. F\u00e1bry"},"content":{"rendered":"<p>[et_pb_section fb_built=&#8220;1&#8243; fullwidth=&#8220;on&#8220; _builder_version=&#8220;4.5.0&#8243; _module_preset=&#8220;default&#8220;][et_pb_fullwidth_image src=&#8220;https:\/\/www.spzo.cz\/wp-content\/uploads\/2020\/07\/zluty-pruh-uzsi.jpg&#8220; alt=&#8220;\u017elut\u00fd pruh&#8220; title_text=&#8220;zluty-pruh-uzsi&#8220; _builder_version=&#8220;4.8.1&#8243; _module_preset=&#8220;default&#8220; animation_style=&#8220;slide&#8220;][\/et_pb_fullwidth_image][\/et_pb_section][et_pb_section fb_built=&#8220;1&#8243; _builder_version=&#8220;4.7.7&#8243; _module_preset=&#8220;default&#8220; background_color=&#8220;#ffefd1&#8243;][et_pb_row column_structure=&#8220;1_3,2_3&#8243; _builder_version=&#8220;4.7.7&#8243; _module_preset=&#8220;default&#8220;][et_pb_column type=&#8220;1_3&#8243; _builder_version=&#8220;4.7.7&#8243; _module_preset=&#8220;default&#8220;][et_pb_image src=&#8220;https:\/\/www.spzo.cz\/wp-content\/uploads\/2021\/01\/prof1a.jpg&#8220; title_text=&#8220;Prof1a&#8220; align=&#8220;center&#8220; _builder_version=&#8220;4.8.1&#8243; _module_preset=&#8220;default&#8220; animation_style=&#8220;slide&#8220; animation_direction=&#8220;left&#8220;][\/et_pb_image][et_pb_image src=&#8220;https:\/\/www.spzo.cz\/wp-content\/uploads\/2021\/01\/prof3a.jpg&#8220; title_text=&#8220;Prof3a&#8220; align=&#8220;center&#8220; _builder_version=&#8220;4.8.1&#8243; _module_preset=&#8220;default&#8220; animation_style=&#8220;slide&#8220; animation_direction=&#8220;left&#8220;][\/et_pb_image][et_pb_image src=&#8220;https:\/\/www.spzo.cz\/wp-content\/uploads\/2021\/01\/prof4a.jpg&#8220; title_text=&#8220;Prof4a&#8220; align=&#8220;center&#8220; _builder_version=&#8220;4.8.1&#8243; _module_preset=&#8220;default&#8220; animation_style=&#8220;slide&#8220; animation_direction=&#8220;left&#8220;][\/et_pb_image][et_pb_image src=&#8220;https:\/\/www.spzo.cz\/wp-content\/uploads\/2021\/01\/prof6a.jpg&#8220; title_text=&#8220;Prof6a&#8220; align=&#8220;center&#8220; _builder_version=&#8220;4.8.1&#8243; _module_preset=&#8220;default&#8220; animation_style=&#8220;slide&#8220; animation_direction=&#8220;left&#8220;][\/et_pb_image][et_pb_image src=&#8220;https:\/\/www.spzo.cz\/wp-content\/uploads\/2021\/01\/prof9a.jpg&#8220; title_text=&#8220;Prof9a&#8220; align=&#8220;center&#8220; _builder_version=&#8220;4.8.1&#8243; _module_preset=&#8220;default&#8220; animation_style=&#8220;slide&#8220; animation_direction=&#8220;left&#8220;][\/et_pb_image][\/et_pb_column][et_pb_column type=&#8220;2_3&#8243; _builder_version=&#8220;4.7.7&#8243; _module_preset=&#8220;default&#8220;][et_pb_text _builder_version=&#8220;4.9.0&#8243; _module_preset=&#8220;default&#8220;]<\/p>\n<h1 class=\"entry-title\"><strong>PROF. ING. ANDREJ F\u00c1BRY, DRSC.<\/strong><\/h1>\n<div class=\"entry-content\">\n<p>\u00a0<span style=\"color: #333333; font-size: 22px;\">(*1919 \u2013 \u20202010)<\/span><\/p>\n<p><strong>Tato sekce vznikla jako pam\u00e1tka na profesora Andreje F\u00e1bryho, DrSc., kter\u00fd se bezpochyby zapsal do pam\u011bti mnoh\u00fdch z n\u00e1s, jako kantor a nestor p\u011bstov\u00e1n\u00ed \u0159epky v \u010cesk\u00e9 a Slovensk\u00e9 republice a uzn\u00e1van\u00fd odborn\u00edk jak doma tak v zahrani\u010d\u00ed.<\/strong><\/p>\n<p><strong>Andrej F\u00e1bry<\/strong>\u00a0se narodil 17. z\u00e1\u0159\u00ed 1919 v obci Kolta na Slovensku. Jeho otec byl farm\u00e1\u0159 a kv\u016fli sv\u011btov\u00e9 krizi musel skon\u010dit se svou \u010dinnost\u00ed. B\u011bhem II. sv\u011btov\u00e9 v\u00e1lky musel Andrej odjet do Ma\u010farska, kde se skr\u00fdval a \u00fa\u010dastnil se protifa\u0161istick\u00e9ho odboje. Celou svou rodinu ztratil v nacistick\u00fdch koncentra\u010dn\u00edch t\u00e1borech.<\/p>\n<p><strong>Po druh\u00e9 sv\u011btov\u00e9 v\u00e1lce\u00a0<\/strong>vystudoval Agronomickou a lesnickou fakultu \u010cesk\u00e9ho vysok\u00e9ho u\u010den\u00ed technick\u00e9ho. Jako asistent za\u010dal pracovat na institutu pro zem\u011bd\u011blskou produkci. Na tomto pracovi\u0161ti byl vytvo\u0159en v\u00fdzkumn\u00fd t\u00fdm pro v\u00fdzkum olejnin, konkr\u00e9tn\u011b \u0159epky, pod patron\u00e1tem Prof. Vrbensk\u00e9ho a tukov\u00e9ho pr\u016fmyslu.<\/p>\n<p><strong>B\u011bhem sv\u00e9ho \u017eivota publikoval prof. F\u00e1bry<\/strong>\u00a0p\u0159es 80 v\u011bdeck\u00fdch prac\u00ed, p\u0159es 30 jich bylo publikov\u00e1no v zahrani\u010dn\u00edch \u010dasopisech. Odp\u0159edn\u00e1\u0161el p\u0159es 75 v\u011bdeck\u00fdch a odborn\u00fdch p\u0159\u00edsp\u011bvk\u016f. Publikoval p\u0159es 300 odborn\u00fdch \u010dl\u00e1nk\u016f. Po\u010d\u00e1tkem 60.-t\u00fdch let byl vysl\u00e1n jako expert pro p\u011bstov\u00e1n\u00ed olejnin do Etiopie. V\u011bt\u0161ina jeho pr\u00e1ce byla v\u011bnovan\u00e1 olejnin\u00e1m.<\/p>\n<p><strong>Profesor se zapsal jako odborn\u00edk do pov\u011bdom\u00ed nejen u n\u00e1s, ale i v zahrani\u010d\u00ed.<\/strong>\u00a0I d\u00edky n\u011bmu m\u016f\u017ee Svaz p\u011bstitel\u016f a zpracovatel\u016f olejnin uspo\u0159\u00e1dat 13. celosv\u011btov\u00fd \u0159epkov\u00fd kongres, kter\u00fd se bude konat 5. \u2013 9. \u010dervna 2011 v Praze. Profesor zalo\u017eil \u201eSyst\u00e9m p\u011bstov\u00e1n\u00ed \u0159epky\u201c, kter\u00fd byl impulsem pro zalo\u017een\u00ed Svazu p\u011bstitel\u016f a zpracovatel\u016f olejnin Praha, kter\u00fd st\u00e1le \u0161\u00ed\u0159i osv\u011btu a nejnov\u011bj\u0161\u00ed poznatky z oboru do zem\u011bd\u011blsk\u00e9 praxe. V roce 1988 byl vyznamen\u00e1n St\u00e1tn\u00ed cenou za nar\u016fstaj\u00edc\u00ed produkci olejnin v tehdej\u0161\u00edm \u010ceskoslovensku. Takt\u00e9\u017e nelze opomenout, \u017ee vychoval mnoho zem\u011bd\u011blsk\u00fdch odborn\u00edk\u016f.<\/p>\n<p><strong>Pan profesor m\u011bl neutichaj\u00edc\u00ed z\u00e1jem<\/strong><br \/> o d\u011bn\u00ed v oblasti olejnin a do posledn\u00edch chvil jeho \u017eivota aktivn\u011b spolupracoval se Svazem p\u011bstitel\u016f a zpracovatel\u016f olejnin a Katedrou produkce rostlinn\u00e9, \u010cZU v Praze. Znateln\u011b p\u0159isp\u011bl nejen k v\u00fdvoji v oblasti p\u011bstov\u00e1n\u00ed olejnin jak v \u010cesk\u00e9 republice tak i v Slovensk\u00e9 republice, ale i k rozvoji cel\u00e9ho oboru olejnin a jej\u00edch v\u00fdzkumu.<\/p>\n<p><strong>V\u00e1\u017e\u00edme si<\/strong>, \u017ee jsme mohli dlouh\u00e1 l\u00e9ta pracovat po jeho boku a \u017ee jsme mohli sd\u00edlet p\u0159\u00e1telstv\u00ed, vz\u00e1jemnou \u00factu a respekt. Jeho odchod n\u00e1s zas\u00e1hl o to v\u00edc, \u017ee je\u0161t\u011b na podzim jsme s panem profesorem oslavovali jeho \u017eivotn\u00ed jubileum 90 let. Pan profesor z\u016fstane nav\u017edy v na\u0161ich srdc\u00edch, jako nedosti\u017en\u00fd vzor charakterov\u00e9, mor\u00e1ln\u00ed a profesion\u00e1ln\u00ed charismy.<\/p>\n<p style=\"text-align: right;\"><strong>S \u00factou pracovn\u00edci, kolegov\u00e9 a \u010dlenov\u00e9<\/strong><\/p>\n<p style=\"text-align: right;\"><strong>Svazu p\u011bstitel\u016f a zpracovatel\u016f olejnin Praha<\/strong><\/p>\n<p>&nbsp;<\/p>\n<p><strong>K \u017eivotn\u00edmu jubileu 90- let byla vyd\u00e1na plaketa pana profesora F\u00e1bryho<\/strong>\u00a0a bude ud\u011blov\u00e1na nejen dom\u00e1c\u00edm odborn\u00edk\u016fm, ale i odborn\u00edk\u016fm v zahrani\u010d\u00ed za p\u0159\u00ednos v oblasti p\u011bstov\u00e1n\u00ed olejnin.<\/p>\n<\/div>\n<p>[\/et_pb_text][\/et_pb_column][\/et_pb_row][et_pb_row _builder_version=&#8220;4.9.0&#8243; _module_preset=&#8220;default&#8220;][et_pb_column type=&#8220;4_4&#8243; _builder_version=&#8220;4.9.0&#8243; _module_preset=&#8220;default&#8220;][et_pb_text _builder_version=&#8220;4.9.0&#8243; _module_preset=&#8220;default&#8220; hover_enabled=&#8220;0&#8243; sticky_enabled=&#8220;0&#8243;]<\/p>\n<div class=\"wptm_table tablesorter-bootstrap \" data-id=\"21\" data-hightlight=\"0\"><div class=\"wptm_buttons buttons_wptmTbl21\"><\/div><div class=\"wptmresponsive dataTables-wptmtable wptmtable \" id=\"wptmtable21\" data-tableid=\"wptmTbl21\"><table data-count-header=\"1\"  data-format-decimal_count=\"0\" data-format-decimal_symbol=\".\" data-format-symbol_position=\"0\" data-format-thousand_symbol=\",\"  data-format-currency_symbol=\"$\"  data-name-style=\"21_1616409705.css\" data-format=\"DD.MM.YYYY\" id=\"wptmTbl21\" data-id=\"21\" data-responsive=\"false\" data-hideCols=\"false\"  data-type=\"html\" data-paging=\"false\" data-searching=\"true\"  data-ordering=\"false\" data-table-breakpoint=\"980\" data-scroll-x=\"true\" data-scroll-collapse=\"true\" data-align=\"center\" data-range=\"[]\" data-hideColumn=\"[0,0,0,0,0]\" data-colwidths=\"[48,138,223,249,385]\" class=\"wptm_main_table  disablePager hideScrollHeader\"><colgroup><col data-dtr=\"0\" data-dtc=\"0\" class=\"dtc0\"><col data-dtr=\"0\" data-dtc=\"1\" class=\"dtc1\"><col data-dtr=\"0\" data-dtc=\"2\" class=\"dtc2\"><col data-dtr=\"0\" data-dtc=\"3\" class=\"dtc3\"><col data-dtr=\"0\" data-dtc=\"4\" class=\"dtc4\"><\/colgroup><thead><tr class=\"wptm-header-cells-index dnone\"><th rowspan=\"1\" colspan=\"1\" data-dtr=\"0\" data-dtc=\"0\" class=\"dtr0 dtc0\"><\/th><th rowspan=\"1\" colspan=\"1\" data-dtr=\"0\" data-dtc=\"1\" class=\"dtr0 dtc1\"><\/th><th rowspan=\"1\" colspan=\"1\" data-dtr=\"0\" data-dtc=\"2\" class=\"dtr0 dtc2\"><\/th><th rowspan=\"1\" colspan=\"1\" data-dtr=\"0\" data-dtc=\"3\" class=\"dtr0 dtc3\"><\/th><th rowspan=\"1\" colspan=\"1\" data-dtr=\"0\" data-dtc=\"4\" class=\"dtr0 dtc4\"><\/th><\/tr><tr class=\" row0\"><th  colspan=\"5\"  data-priority=\"0\" class=\"dtr0 dtc0\">P\u0159ehled ud\u011blen\u00fdch \u010cestn\u00fdch uzn\u00e1n\u00ed a medail\u00ed prof. F\u00e1bryho<\/th><\/thead><tbody><tr class=\" row1\"><td  colspan=\"2\"   class=\"dtr1 dtc0\">Datum<\/td><td  style=\"display: none\"   class=\"dtr1 dtc1\"><\/td><td    class=\"dtr1 dtc2\">Osoba<\/td><td    class=\"dtr1 dtc3\">Instituce\/podnik<\/td><td    class=\"dtr1 dtc4\">D\u016fvod ocen\u011bn\u00ed<\/td><\/tr><tr class=\" row2\"><td    class=\"dtr2 dtc0\">2009<\/td><td    class=\"dtr2 dtc1\">z\u00e1\u0159\u00ed 2009<\/td><td    class=\"dtr2 dtc2\">prof. Ing. Andrej, F\u00e1bry, DrSc.<\/td><td    class=\"dtr2 dtc3\">Svaz p\u011bstitel\u016f a zpracovatel\u016f olejnin\/\u010cZU<\/td><td    class=\"dtr2 dtc4\">za mimo\u0159\u00e1dn\u00fd p\u0159\u00ednos pro p\u011bstov\u00e1n\u00ed olejnin a zejm\u00e9na \u0159epky v \u010ceskoslovensku a za vznik Svazu p\u011bstitel\u016f a zpracovatel\u016f  olejnin<\/td><\/tr><tr class=\" row3\"><td  rowspan=\"3\"   class=\"dtr3 dtc0\">2010<\/td><td    class=\"dtr3 dtc1\">b\u0159ezen 2010<\/td><td    class=\"dtr3 dtc2\">prof. dr hab. Jan Krzyma\u0144ski<\/td><td    class=\"dtr3 dtc3\">IHAR Pozna\u0148, Polsko<\/td><td    class=\"dtr3 dtc4\">for outstanding contribution in oilseeds growing<\/td><\/tr><tr class=\" row4\"><td  style=\"display: none\"   class=\"dtr4 dtc0\"><\/td><td    class=\"dtr4 dtc1\">prosinec 2010<\/td><td    class=\"dtr4 dtc2\">UFOP<\/td><td    class=\"dtr4 dtc3\">UFOP, N\u011bmecko<\/td><td    class=\"dtr4 dtc4\">for a long-time and outstanding cooperation with SPZO<\/td><\/tr><tr class=\" row5\"><td  style=\"display: none\"   class=\"dtr5 dtc0\"><\/td><td    class=\"dtr5 dtc1\">prosinec 2010<\/td><td    class=\"dtr5 dtc2\">Dr. Norbert Heim<\/td><td    class=\"dtr5 dtc3\">UFOP, N\u011bmecko<\/td><td    class=\"dtr5 dtc4\">for a long-time and outstanding cooperation with SPZO<\/td><\/tr><tr class=\" row6\"><td  rowspan=\"5\"   class=\"dtr6 dtc0\">2011<\/td><td   data-timestamp=\"1322157305\" class=\"dtr6 dtc1\">24.11.2011<\/td><td    class=\"dtr6 dtc2\">doc. Ing. Josef Stratil, CSc.<\/td><td    class=\"dtr6 dtc3\">VFU Brno, \u0160ZP Nov\u00fd Ji\u010d\u00edn<\/td><td    class=\"dtr6 dtc4\">za dlouhodobou v\u00fdznamnou \u010dinnost v p\u0159edstavenstvu svazu<\/td><\/tr><tr class=\" row7\"><td  style=\"display: none\"   class=\"dtr7 dtc0\"><\/td><td   data-timestamp=\"1322157305\" class=\"dtr7 dtc1\">24.11.2011<\/td><td    class=\"dtr7 dtc2\">Ing. Pavel Pomik\u00e1\u010dek<\/td><td    class=\"dtr7 dtc3\">ZOD Brni\u0161t\u011b<\/td><td    class=\"dtr7 dtc4\">za dlouhodobou v\u00fdznamnou \u010dinnost v p\u0159edstavenstvu svazu<\/td><\/tr><tr class=\" row8\"><td  style=\"display: none\"   class=\"dtr8 dtc0\"><\/td><td   data-timestamp=\"1322157305\" class=\"dtr8 dtc1\">24.11.2011<\/td><td    class=\"dtr8 dtc2\">Jan Tr\u00e1vn\u00ed\u010dek<\/td><td    class=\"dtr8 dtc3\">ZD V\u00fd\u010dapy<\/td><td    class=\"dtr8 dtc4\">za dlohouletou spolupr\u00e1ci, pokusnickou \u010dinnost a vysokou \u00farove\u0148 p\u0159i p\u011bstov\u00e1n\u00ed \u0159epky<\/td><\/tr><tr class=\" row9\"><td  style=\"display: none\"   class=\"dtr9 dtc0\"><\/td><td    class=\"dtr9 dtc1\"><\/td><td    class=\"dtr9 dtc2\">Ing. V\u00e1clav Drahota<\/td><td    class=\"dtr9 dtc3\">Dru\u017estvo Agricola Bylany<\/td><td    class=\"dtr9 dtc4\">za dlohouletou spolupr\u00e1ci, pokusnickou \u010dinnost a vysokou \u00farove\u0148 p\u0159i p\u011bstov\u00e1n\u00ed \u0159epky<\/td><\/tr><tr class=\" row10\"><td  style=\"display: none\"   class=\"dtr10 dtc0\"><\/td><td   data-timestamp=\"1322157305\" class=\"dtr10 dtc1\">24.11.2011<\/td><td    class=\"dtr10 dtc2\">doc. Ing. Petr Baranyk , CSc.<\/td><td    class=\"dtr10 dtc3\">Svaz p\u011bstitel\u016f a zpracovatel\u016f olejnin\/\u010cZU<\/td><td    class=\"dtr10 dtc4\">za organizov\u00e1n\u00ed kongresu GCIRC 2011 a odbornou odr\u016fdovou \u010dinnost v oblasti olejnin<\/td><\/tr><tr class=\" row11\"><td  rowspan=\"6\"   class=\"dtr11 dtc0\">2012<\/td><td   data-timestamp=\"1353520505\" class=\"dtr11 dtc1\">21.11.2012<\/td><td    class=\"dtr11 dtc2\">Miroslav Drobn\u00fd<\/td><td    class=\"dtr11 dtc3\">RESPO \u2013 D s.r.o.<\/td><td    class=\"dtr11 dtc4\">za dlouholetou spolupr\u00e1ci se Svazem p\u011bstitel\u016f a zpracovatel\u016f olejnin a pokusnickou \u010dinnost<\/td><\/tr><tr class=\" row12\"><td  style=\"display: none\"   class=\"dtr12 dtc0\"><\/td><td   data-timestamp=\"1353520505\" class=\"dtr12 dtc1\">21.11.2012<\/td><td    class=\"dtr12 dtc2\">Ing. Anton\u00edn Tom\u0161\u00ed\u010dek<\/td><td    class=\"dtr12 dtc3\">Agroos s.r.o.<\/td><td    class=\"dtr12 dtc4\">za dlouholetou spolupr\u00e1ci, pokusnickou \u010dinnost a vysokou \u00farove\u0148 p\u0159i p\u011bstov\u00e1n\u00ed \u0159epky<\/td><\/tr><tr class=\" row13\"><td  style=\"display: none\"   class=\"dtr13 dtc0\"><\/td><td   data-timestamp=\"1353520505\" class=\"dtr13 dtc1\">21.11.2012<\/td><td    class=\"dtr13 dtc2\">Timoteus Kadlec<\/td><td    class=\"dtr13 dtc3\">\u00daKZ\u00daZ Hradec nad Svitavou<\/td><td    class=\"dtr13 dtc4\">za dlouholetou pr\u00e1ci v oblasti odr\u016fdov\u00e9 problematiky olejnin a spolupr\u00e1ci se Svazem a Prof. F\u00e1brym<\/td><\/tr><tr class=\" row14\"><td  style=\"display: none\"   class=\"dtr14 dtc0\"><\/td><td   data-timestamp=\"1353520505\" class=\"dtr14 dtc1\">21.11.2012<\/td><td    class=\"dtr14 dtc2\">Ing. Ji\u0159\u00ed Beran<\/td><td    class=\"dtr14 dtc3\">OSEVA PRO s.r.o.<\/td><td    class=\"dtr14 dtc4\">za spolupr\u00e1ci s SPZO v oblasti osiv a mnohaletou pr\u00e1ci v p\u0159edstavenstvu Svazu<\/td><\/tr><tr class=\" row15\"><td  style=\"display: none\"   class=\"dtr15 dtc0\"><\/td><td   data-timestamp=\"1353520505\" class=\"dtr15 dtc1\">21.11.2012<\/td><td    class=\"dtr15 dtc2\">Ing. Jarom\u00edr \u0160\u00e1cha<\/td><td    class=\"dtr15 dtc3\">Dol\u0148\u00e1cko a.s., Hluk<\/td><td    class=\"dtr15 dtc4\">za dlouholet\u00e9 organizov\u00e1n\u00ed semin\u00e1\u0159e SV\u0158 v Hluku a pr\u00e1ci v p\u0159edstavenstvu SPZO<\/td><\/tr><tr class=\" row16\"><td  style=\"display: none\"   class=\"dtr16 dtc0\"><\/td><td    class=\"dtr16 dtc1\">3.12.2012<\/td><td    class=\"dtr16 dtc2\">Dr. Klaus Kliem<\/td><td    class=\"dtr16 dtc3\">UFOP, N\u011bmecko<\/td><td    class=\"dtr16 dtc4\">for a long-time and outstanding cooperation with SPZO<\/td><\/tr><tr class=\" row17\"><td  rowspan=\"7\"   class=\"dtr17 dtc0\">2013<\/td><td   data-timestamp=\"1384970105\" class=\"dtr17 dtc1\">20.11.2013<\/td><td    class=\"dtr17 dtc2\">prof. Ing. Ji\u0159\u00ed Bal\u00edk, CSc.<\/td><td    class=\"dtr17 dtc3\">\u010cZU Praha<\/td><td    class=\"dtr17 dtc4\">za dlouholetou spolupr\u00e1ci se Svazem p\u011bstitel\u016f a zpracovatel\u016f olejnin v oblasti v\u00fd\u017eivy rostlin<\/td><\/tr><tr class=\" row18\"><td  style=\"display: none\"   class=\"dtr18 dtc0\"><\/td><td   data-timestamp=\"1384970105\" class=\"dtr18 dtc1\">20.11.2013<\/td><td    class=\"dtr18 dtc2\">prof. Ing. V\u00e1clav Kohout, DrSc.  <\/td><td    class=\"dtr18 dtc3\">\u010cZU Praha<\/td><td    class=\"dtr18 dtc4\">za dlouholetou spolupr\u00e1ci se Svazem p\u011bstitel\u016f a zpracovatel\u016f olejnin v oblasti herbicidn\u00ed ochrany rostlin<\/td><\/tr><tr class=\" row19\"><td  style=\"display: none\"   class=\"dtr19 dtc0\"><\/td><td   data-timestamp=\"1384970105\" class=\"dtr19 dtc1\">20.11.2013<\/td><td    class=\"dtr19 dtc2\">Ing. Jaroslav Mackov\u00edk<\/td><td    class=\"dtr19 dtc3\">ZS Rokytnice a.s.<\/td><td    class=\"dtr19 dtc4\">za dlouholetou spolupr\u00e1ci, pokusnickou \u010dinnost a vysokou \u00farove\u0148 p\u0159i p\u011bstov\u00e1n\u00ed \u0159epky<\/td><\/tr><tr class=\" row20\"><td  style=\"display: none\"   class=\"dtr20 dtc0\"><\/td><td   data-timestamp=\"1384970105\" class=\"dtr20 dtc1\">20.11.2013<\/td><td    class=\"dtr20 dtc2\">Ing. Anton\u00edn Simandl<\/td><td    class=\"dtr20 dtc3\">ZD Budkov<\/td><td    class=\"dtr20 dtc4\">za dlouholetou spolupr\u00e1ci, pokusnickou \u010dinnost a vysokou \u00farove\u0148 p\u0159i p\u011bstov\u00e1n\u00ed \u0159epky<\/td><\/tr><tr class=\" row21\"><td  style=\"display: none\"   class=\"dtr21 dtc0\"><\/td><td   data-timestamp=\"1384970105\" class=\"dtr21 dtc1\">20.11.2013<\/td><td    class=\"dtr21 dtc2\">Ing. Otto K\u00f6stinger<\/td><td    class=\"dtr21 dtc3\">Lu\u017eansk\u00e1 zem. a.s.<\/td><td    class=\"dtr21 dtc4\">za dlouholetou spolupr\u00e1ci, pokusnickou \u010dinnost a vysokou \u00farove\u0148 p\u0159i p\u011bstov\u00e1n\u00ed \u0159epky<\/td><\/tr><tr class=\" row22\"><td  style=\"display: none\"   class=\"dtr22 dtc0\"><\/td><td   data-timestamp=\"1384970105\" class=\"dtr22 dtc1\">20.11.2013<\/td><td    class=\"dtr22 dtc2\">Ing. Pavel Vale\u0161 <\/td><td    class=\"dtr22 dtc3\">AGRO Sychrov a.s.<\/td><td    class=\"dtr22 dtc4\">za dlouholetou spolupr\u00e1ci, pokusnickou \u010dinnost a vysokou \u00farove\u0148 p\u0159i p\u011bstov\u00e1n\u00ed \u0159epky<\/td><\/tr><tr class=\" row23\"><td  style=\"display: none\"   class=\"dtr23 dtc0\"><\/td><td   data-timestamp=\"1384970105\" class=\"dtr23 dtc1\">20.11.2013<\/td><td    class=\"dtr23 dtc2\">Ing. Jan Kube\u0161<\/td><td    class=\"dtr23 dtc3\">AGRO dru\u017estvo Doln\u00ed Bukovsko<\/td><td    class=\"dtr23 dtc4\">za dlouholetou spolupr\u00e1ci se Svazem p\u011bstitel\u016f a zpracovatel\u016f olejnin a vysokou \u00farove\u0148 p\u0159i p\u011bstov\u00e1n\u00ed \u0159epky<\/td><\/tr><tr class=\" row24\"><td  rowspan=\"3\"   class=\"dtr24 dtc0\">2014<\/td><td   data-timestamp=\"1416419705\" class=\"dtr24 dtc1\">19.11.2014<\/td><td    class=\"dtr24 dtc2\">Ing. Zden\u011bk K\u0159\u00ed\u017e<\/td><td    class=\"dtr24 dtc3\">K+K B\u0159ilice<\/td><td    class=\"dtr24 dtc4\">za dlouholetou spolupr\u00e1ci, pokusnickou \u010dinnost a vysokou \u00farove\u0148 p\u0159i p\u011bstov\u00e1n\u00ed \u0159epky<\/td><\/tr><tr class=\" row25\"><td  style=\"display: none\"   class=\"dtr25 dtc0\"><\/td><td   data-timestamp=\"1416419705\" class=\"dtr25 dtc1\">19.11.2014<\/td><td    class=\"dtr25 dtc2\">Ing. Jarom\u00edr \u0160aroun<\/td><td    class=\"dtr25 dtc3\">SPZO<\/td><td    class=\"dtr25 dtc4\">za v\u00fdbornou dlouholetou pr\u00e1ci pro Svaz p\u011bstitel\u016f a zpracovatel\u016f olejnin<\/td><\/tr><tr class=\" row26\"><td  style=\"display: none\"   class=\"dtr26 dtc0\"><\/td><td   data-timestamp=\"1416419705\" class=\"dtr26 dtc1\">19.11.2014<\/td><td    class=\"dtr26 dtc2\">Dipl.-Ing. agr. Herbert Jenrich<\/td><td    class=\"dtr26 dtc3\">DSV Lippstadt, N\u011bmecko<\/td><td    class=\"dtr26 dtc4\">for a long-time and outstanding cooperation with SPZO<\/td><\/tr><tr class=\" row27\"><td  rowspan=\"2\"   class=\"dtr27 dtc0\">2015<\/td><td   data-timestamp=\"1448474105\" class=\"dtr27 dtc1\">25.11.2015<\/td><td    class=\"dtr27 dtc2\">Ing. Jaroslav Bub\u00edk<\/td><td    class=\"dtr27 dtc3\">VFU BRNO \u0160ZP Nov\u00fd Ji\u010d\u00edn<\/td><td    class=\"dtr27 dtc4\">za dlouholetou spolupr\u00e1ci se Svazem p\u011bstitel\u016f a zpracovatel\u016f olejnin a pokusnickou \u010dinnost<\/td><\/tr><tr class=\" row28\"><td  style=\"display: none\"   class=\"dtr28 dtc0\"><\/td><td   data-timestamp=\"1448474105\" class=\"dtr28 dtc1\">25.11.2015<\/td><td    class=\"dtr28 dtc2\">Ing. Jaroslav Mikol\u00e1\u0161<\/td><td    class=\"dtr28 dtc3\">Lupofyt<\/td><td    class=\"dtr28 dtc4\">za dlouholetou spolupr\u00e1ci a vysokou \u00farove\u0148 p\u0159i p\u011bstov\u00e1n\u00ed \u0159epky<\/td><\/tr><tr class=\" row29\"><td  rowspan=\"6\"   class=\"dtr29 dtc0\">2017<\/td><td    class=\"dtr29 dtc1\">26.4.2017<\/td><td    class=\"dtr29 dtc2\">Dr. Martin Frauen<\/td><td    class=\"dtr29 dtc3\">NPZ Hohenlieth, N\u011bmecko<\/td><td    class=\"dtr29 dtc4\">for a long-time and outstanding cooperation with SPZO<\/td><\/tr><tr class=\" row30\"><td  style=\"display: none\"   class=\"dtr30 dtc0\"><\/td><td    class=\"dtr30 dtc1\">26.4.2017<\/td><td    class=\"dtr30 dtc2\">Dr. Jean-Pierre Despeghel<\/td><td    class=\"dtr30 dtc3\">Monsanto, Francie<\/td><td    class=\"dtr30 dtc4\">for a long-time and outstanding cooperation with SPZO<\/td><\/tr><tr class=\" row31\"><td  style=\"display: none\"   class=\"dtr31 dtc0\"><\/td><td   data-timestamp=\"1511373305\" class=\"dtr31 dtc1\">22.11.2017<\/td><td    class=\"dtr31 dtc2\">Ing. Ji\u0159\u00ed Br\u0148\u00e1k<\/td><td    class=\"dtr31 dtc3\">ZEMO, spol. s r.o.<\/td><td    class=\"dtr31 dtc4\">za dlouholetou spolupr\u00e1ci, pokusnickou \u010dinnost a vysokou \u00farove\u0148 p\u0159i p\u011bstov\u00e1n\u00ed \u0159epky a slune\u010dnice<\/td><\/tr><tr class=\" row32\"><td  style=\"display: none\"   class=\"dtr32 dtc0\"><\/td><td   data-timestamp=\"1511373305\" class=\"dtr32 dtc1\">22.11.2017<\/td><td    class=\"dtr32 dtc2\">Franti\u0161ek Klete\u010dka<\/td><td    class=\"dtr32 dtc3\">ZD \u010cechtice<\/td><td    class=\"dtr32 dtc4\">za dlouholetou spolupr\u00e1ci, pokusnickou \u010dinnost a vysokou \u00farove\u0148 p\u0159i p\u011bstov\u00e1n\u00ed \u0159epky<\/td><\/tr><tr class=\" row33\"><td  style=\"display: none\"   class=\"dtr33 dtc0\"><\/td><td   data-timestamp=\"1511373305\" class=\"dtr33 dtc1\">22.11.2017<\/td><td    class=\"dtr33 dtc2\">Ing. Franti\u0161ek Kl\u00edma<\/td><td    class=\"dtr33 dtc3\">KLADRUBSK\u00c1 a.s.<\/td><td    class=\"dtr33 dtc4\">za dlouholetou spolupr\u00e1ci, pokusnickou \u010dinnost a vysokou \u00farove\u0148 p\u0159i p\u011bstov\u00e1n\u00ed \u0159epky<\/td><\/tr><tr class=\" row34\"><td  style=\"display: none\"   class=\"dtr34 dtc0\"><\/td><td   data-timestamp=\"1511373305\" class=\"dtr34 dtc1\">22.11.2017<\/td><td    class=\"dtr34 dtc2\">Ing. Ladislav Ma\u010far<\/td><td    class=\"dtr34 dtc3\">Slovensk\u00fd zv\u00e4z olejnin\u00e1rov, Slovensko<\/td><td    class=\"dtr34 dtc4\">za spolupr\u00e1ci s SPZO a dlouholet\u00e9 p\u016fsoben\u00ed v p\u0159edstavenstvu Slovensk\u00e9ho zv\u00e4zu olejnin\u00e1rov<\/td><\/tr><tr class=\" row35\"><td  rowspan=\"2\"   class=\"dtr35 dtc0\">2018<\/td><td   data-timestamp=\"1542822905\" class=\"dtr35 dtc1\">21.11.2018<\/td><td    class=\"dtr35 dtc2\">Ing. V\u00e1clav Bul\u00edn<\/td><td    class=\"dtr35 dtc3\">Zem\u011bd\u011blsk\u00e9 dru\u017estvo vlastn\u00edk\u016f \u0160tichovice<\/td><td    class=\"dtr35 dtc4\">za dlouholetou spolupr\u00e1ci, podporu Svazu v regionu a vysokou \u00farove\u0148 p\u0159i p\u011bstov\u00e1n\u00ed \u0159epky<\/td><\/tr><tr class=\" row36\"><td  style=\"display: none\"   class=\"dtr36 dtc0\"><\/td><td   data-timestamp=\"1542822905\" class=\"dtr36 dtc1\">21.11.2018<\/td><td    class=\"dtr36 dtc2\">Dr. Tadeusz Wa\u0142kowski<\/td><td    class=\"dtr36 dtc3\">IHAR, Polsko<\/td><td    class=\"dtr36 dtc4\">za dlouholetou spolupr\u00e1ci se Svazem a p\u0159\u00ednos pro agrotechniku ozim\u00fdch i jarn\u00edch olejnin<\/td><\/tr><tr class=\" row37\"><td  rowspan=\"3\"   class=\"dtr37 dtc0\">2019<\/td><td   data-timestamp=\"1574272505\" class=\"dtr37 dtc1\">20.11.2019<\/td><td    class=\"dtr37 dtc2\">Ing. Jind\u0159ich Ullmann<\/td><td    class=\"dtr37 dtc3\">Agroland \u0160t\u011bp\u00e1nkovice<\/td><td    class=\"dtr37 dtc4\">za vysokou \u00farove\u0148 p\u0159i p\u011bstov\u00e1n\u00ed \u0159epky, dlouholetou spolupr\u00e1ci a podporu Svazu v regionu<\/td><\/tr><tr class=\" row38\"><td  style=\"display: none\"   class=\"dtr38 dtc0\"><\/td><td   data-timestamp=\"1574272505\" class=\"dtr38 dtc1\">20.11.2019<\/td><td    class=\"dtr38 dtc2\">Ing. Karel \u0158\u00edha<\/td><td    class=\"dtr38 dtc3\">\u00daKZ\u00daZ<\/td><td    class=\"dtr38 dtc4\">za vynikaj\u00edc\u00ed dlouholetou spolupr\u00e1ci v oblasti diagnostiky chorob \u0159epky a slune\u010dnice, zvy\u0161ov\u00e1n\u00ed odbornosti \u010desk\u00fdch i slovensk\u00fdch agronom\u016f<\/td><\/tr><tr class=\" row39\"><td  style=\"display: none\"   class=\"dtr39 dtc0\"><\/td><td   data-timestamp=\"1574272505\" class=\"dtr39 dtc1\">20.11.2019<\/td><td    class=\"dtr39 dtc2\">Ing. Pavel R\u016f\u017eek, CSc.<\/td><td    class=\"dtr39 dtc3\">V\u00fdzkumn\u00fd \u00fastav rostlinn\u00e9 v\u00fdroby, v. v. i.<\/td><td    class=\"dtr39 dtc4\">za p\u0159\u00edkladnou dlouholetou spolupr\u00e1ci v oblastii v\u00fd\u017eivy a hnojen\u00ed \u0159epky a dlouholetou pokusnickou \u010dinnost<\/td><\/tr><\/tbody><tfoot><tr><td class=\"dtr39 dtc0\" style=\"height: 0;\"><\/td><td class=\"dtr39 dtc1\" style=\"height: 0;\"><\/td><td class=\"dtr39 dtc2\" style=\"height: 0;\"><\/td><td class=\"dtr39 dtc3\" style=\"height: 0;\"><\/td><td class=\"dtr39 dtc4\" style=\"height: 0;\"><\/td><\/tr><\/tfoot><\/table><\/div><style>#wptmtable21 .dataTables_wrapper > .dataTables_scroll {max-height:500px;overflow: auto;}<\/style><script>window.wptm_ajaxurl = 'https:\/\/www.spzo.cz\/wp-admin\/admin-ajax.php?juwpfisadmin=false&action=Wptm&'; window.wptm_front = 'https:\/\/www.spzo.cz\/wp-content\/plugins\/wp-table-manager\/app\/site\/assets\/'; window.wptm_style = 'https:\/\/www.spzo.cz\/wp-content\/uploads\/wptm\/';<\/script><\/div><style><\/style>\n<p>[\/et_pb_text][\/et_pb_column][\/et_pb_row][\/et_pb_section]<\/p>\n","protected":false},"excerpt":{"rendered":"<p>PROF. ING. ANDREJ F\u00c1BRY, DRSC. \u00a0(*1919 \u2013 \u20202010) Tato sekce vznikla jako pam\u00e1tka na profesora Andreje F\u00e1bryho, DrSc., kter\u00fd se bezpochyby zapsal do pam\u011bti mnoh\u00fdch z n\u00e1s, jako kantor a nestor p\u011bstov\u00e1n\u00ed \u0159epky v \u010cesk\u00e9 a Slovensk\u00e9 republice a uzn\u00e1van\u00fd odborn\u00edk jak doma tak v zahrani\u010d\u00ed. Andrej F\u00e1bry\u00a0se narodil 17. z\u00e1\u0159\u00ed 1919 v obci Kolta [&hellip;]<\/p>\n","protected":false},"author":1,"featured_media":0,"parent":41,"menu_order":0,"comment_status":"closed","ping_status":"closed","template":"","meta":{"_et_pb_use_builder":"on","_et_pb_old_content":"","_et_gb_content_width":"","footnotes":""},"class_list":["post-102","page","type-page","status-publish","hentry"],"_links":{"self":[{"href":"https:\/\/www.spzo.cz\/index.php?rest_route=\/wp\/v2\/pages\/102","targetHints":{"allow":["GET"]}}],"collection":[{"href":"https:\/\/www.spzo.cz\/index.php?rest_route=\/wp\/v2\/pages"}],"about":[{"href":"https:\/\/www.spzo.cz\/index.php?rest_route=\/wp\/v2\/types\/page"}],"author":[{"embeddable":true,"href":"https:\/\/www.spzo.cz\/index.php?rest_route=\/wp\/v2\/users\/1"}],"replies":[{"embeddable":true,"href":"https:\/\/www.spzo.cz\/index.php?rest_route=%2Fwp%2Fv2%2Fcomments&post=102"}],"version-history":[{"count":9,"href":"https:\/\/www.spzo.cz\/index.php?rest_route=\/wp\/v2\/pages\/102\/revisions"}],"predecessor-version":[{"id":1526,"href":"https:\/\/www.spzo.cz\/index.php?rest_route=\/wp\/v2\/pages\/102\/revisions\/1526"}],"up":[{"embeddable":true,"href":"https:\/\/www.spzo.cz\/index.php?rest_route=\/wp\/v2\/pages\/41"}],"wp:attachment":[{"href":"https:\/\/www.spzo.cz\/index.php?rest_route=%2Fwp%2Fv2%2Fmedia&parent=102"}],"curies":[{"name":"wp","href":"https:\/\/api.w.org\/{rel}","templated":true}]}}