{"id":49,"date":"2020-07-10T16:26:52","date_gmt":"2020-07-10T14:26:52","guid":{"rendered":"http:\/\/novyweb.spzo.cz\/?page_id=49"},"modified":"2026-01-09T13:15:55","modified_gmt":"2026-01-09T12:15:55","slug":"jarni-seminare","status":"publish","type":"page","link":"https:\/\/www.spzo.cz\/?page_id=49","title":{"rendered":"Jarn\u00ed semin\u00e1\u0159e"},"content":{"rendered":"<p>[et_pb_section fb_built=&#8220;1&#8243; fullwidth=&#8220;on&#8220; _builder_version=&#8220;4.16&#8243; _module_preset=&#8220;default&#8220; global_colors_info=&#8220;{}&#8220;][et_pb_fullwidth_image src=&#8220;https:\/\/www.spzo.cz\/wp-content\/uploads\/2020\/07\/zluty-pruh-uzsi.jpg&#8220; alt=&#8220;\u017elut\u00fd pruh&#8220; title_text=&#8220;zluty-pruh-uzsi&#8220; _builder_version=&#8220;4.16&#8243; _module_preset=&#8220;default&#8220; animation_style=&#8220;slide&#8220; global_colors_info=&#8220;{}&#8220;][\/et_pb_fullwidth_image][\/et_pb_section][et_pb_section fb_built=&#8220;1&#8243; _builder_version=&#8220;4.16&#8243; _module_preset=&#8220;default&#8220; background_color=&#8220;#ffefd1&#8243; custom_padding=&#8220;13px|||||&#8220; global_colors_info=&#8220;{}&#8220;][et_pb_row column_structure=&#8220;3_5,2_5&#8243; _builder_version=&#8220;4.16&#8243; _module_preset=&#8220;default&#8220; background_color=&#8220;#ffefd1&#8243; global_colors_info=&#8220;{}&#8220;][et_pb_column type=&#8220;3_5&#8243; _builder_version=&#8220;4.16&#8243; _module_preset=&#8220;default&#8220; global_colors_info=&#8220;{}&#8220;][et_pb_text _builder_version=&#8220;4.16&#8243; _module_preset=&#8220;default&#8220; global_colors_info=&#8220;{}&#8220;]<\/p>\n<h1 class=\"entry-title\"><strong>JARN\u00cd SEMIN\u00c1\u0158E<\/strong><\/h1>\n<div class=\"entry-content\">\n<p>Svaz p\u011bstitel\u016f a zpracovatel\u016f olejnin (d\u00e1le jen SPZO) organizuje v \u00fanoru a b\u0159eznu n\u011bkolik jarn\u00edch semin\u00e1\u0159\u016f s n\u00e1sleduj\u00edc\u00ed t\u00e9matikou:<\/p>\n<ul>\n<li><strong>V\u00fdsledky p\u011bstov\u00e1n\u00ed \u0159epky v\u00a0minul\u00e9 sez\u00f3n\u011b a aktu\u00e1ln\u00ed stav porost\u016f ozim\u00e9 \u0159epky v\u00a0regionu<\/strong><\/li>\n<li><strong>Z\u00e1sady v\u00fd\u017eivy a hnojen\u00ed \u0159epky na ja\u0159e<\/strong><\/li>\n<li><strong>Aplikace listov\u00fdch hnojiv a stimul\u00e1tor\u016f, v\u00fdsledky pokus\u016f<\/strong><\/li>\n<li><strong>Ochrana ozim\u00e9 \u0159epky proti \u0161k\u016fdc\u016fm<\/strong><\/li>\n<li><strong>Regulace porost\u016f \u0159epky a ochrana proti chorob\u00e1m<\/strong><\/li>\n<li><strong>Marketingov\u00e9 informace, v\u00fdvoj cen a odbyt olejnin<\/strong><\/li>\n<li><strong>V\u00fdsledky odr\u016fdov\u00fdch pokus\u016f<\/strong><\/li>\n<li><strong>Aktu\u00e1ln\u00ed problematika p\u011bstov\u00e1n\u00ed \u0159epky<\/strong><\/li>\n<\/ul>\n<p>Celkem se t\u011bchto semin\u00e1\u0159\u016f \u00fa\u010dastn\u00ed v\u00edce ne\u017e tis\u00edc odborn\u00edk\u016f a agronom\u016f ze zem\u011bd\u011blsk\u00fdch podnik\u016f a rodinn\u00fdch farem. O semin\u00e1\u0159e je zna\u010dn\u00fd z\u00e1jem a hodnocen\u00ed \u00fa\u010dastn\u00edk\u016f b\u00fdv\u00e1 velmi kladn\u00e9.<\/p>\n<\/div>\n<p>[\/et_pb_text][et_pb_text _builder_version=&#8220;4.27.5&#8243; _module_preset=&#8220;default&#8220; global_colors_info=&#8220;{}&#8220;]<\/p>\n<h3><strong>JARN\u00cd SEMIN\u00c1\u0158E SPZO V ROCE 2026<\/strong><\/h3>\n<p>Semin\u00e1\u0159e prob\u011bhnou klasickou formou, minim\u00e1ln\u011b jednou v ka\u017ed\u00e9m regionu.<br \/>Term\u00edny, m\u00edsta kon\u00e1n\u00ed a odkaz na p\u0159ihl\u00e1\u0161ku uvid\u00edte po kliknut\u00ed na n\u00e1sleduj\u00edc\u00ed tla\u010d\u00edtko:<\/p>\n<p>[\/et_pb_text][et_pb_button button_url=&#8220;@ET-DC@eyJkeW5hbWljIjp0cnVlLCJjb250ZW50IjoicG9zdF9saW5rX3VybF9wb3N0Iiwic2V0dGluZ3MiOnsicG9zdF9pZCI6IjQ0NTkifX0=@&#8220; button_text=&#8220;Jarn\u00ed semin\u00e1\u0159e SPZO 2026&#8243; _builder_version=&#8220;4.27.5&#8243; _dynamic_attributes=&#8220;button_url&#8220; _module_preset=&#8220;default&#8220; hover_enabled=&#8220;0&#8243; global_colors_info=&#8220;{}&#8220; sticky_enabled=&#8220;0&#8243;][\/et_pb_button][et_pb_text _builder_version=&#8220;4.27.5&#8243; _module_preset=&#8220;default&#8220; global_colors_info=&#8220;{}&#8220;]<\/p>\n<p><strong>P\u0159edn\u00e1\u0161ky budou zam\u011b\u0159eny na:<\/strong><\/p>\n<ul>\n<li>V\u00fdsledky p\u011bstov\u00e1n\u00ed v roce 2025 a stav porost\u016f ozim\u00e9 \u0159epky v regionu<\/li>\n<li>V\u00fd\u017eivu a hnojen\u00ed ozim\u00e9 \u0159epky na ja\u0159e<\/li>\n<li>Mo\u017enosti \u0159e\u0161en\u00ed regulace a ochrany proti chorob\u00e1m \u0159epky na ja\u0159e<\/li>\n<li>Ochranu ozim\u00e9 \u0159epky proti \u0161k\u016fdc\u016fm<\/li>\n<li>Aktuality v marketingu olejnin<\/li>\n<li>Odr\u016fdovou problematiku v ozim\u00e9 \u0159epce<\/li>\n<li>Aktu\u00e1ln\u00ed informace k p\u011bstov\u00e1n\u00ed slune\u010dnice<\/li>\n<\/ul>\n<p><span style=\"font-size: 14px;\"><\/span><\/p>\n<p><strong>Povinn\u00e9 informace pro \u00fa\u010dastn\u00edky semin\u00e1\u0159\u016f v\u00a0r\u00e1mci PRV:\u00a0\u00a0<\/strong><\/p>\n<ul>\n<li>\u00a0Spolufinancov\u00e1no Evropskou uni\u00ed prost\u0159ednictv\u00edm Strategick\u00e9ho pl\u00e1nu SZP na obdob\u00ed 2023-2027. Intervence 55.78 \u2013 Podpora vzd\u011bl\u00e1v\u00e1n\u00ed z\u00e1m\u011br a). \u010c\u00edslo projektu \u2013 25\/000\/5578a\/100\/013543 \u2013 Jarn\u00ed semin\u00e1\u0159e 2026 \u2013 Inovace technologie p\u011bstov\u00e1n\u00ed \u0159epky.<\/li>\n<li>\u201eOsobn\u00ed \u00fadaje budou v souladu s na\u0159\u00edzen\u00edm EP a Rady (EU) 2016\/679 o ochran\u011b fyzick\u00fdch osob v souvislosti se zpracov\u00e1n\u00edm osobn\u00edch \u00fadaj\u016f a o voln\u00e9m pohybu t\u011bchto \u00fadaj\u016f a o zru\u0161en\u00ed sm\u011brnice 95\/46\/ES v platn\u00e9m zn\u011bn\u00ed zp\u0159\u00edstupn\u011bny tak\u00e9 St\u00e1tn\u00edmu zem\u011bd\u011blsk\u00e9mu interven\u010dn\u00edmu fondu a Ministerstvu zem\u011bd\u011blstv\u00ed pro \u00fa\u010dely administrace, kontroly a evaluace SP SZP\u201c.<\/li>\n<li>\u00da\u010dastn\u00edci vzd\u011bl\u00e1vac\u00edch\/informa\u010dn\u00edch akc\u00ed mohou b\u00fdt po\u017e\u00e1d\u00e1ni e-mailem o zp\u011btnou vazbu pomoc\u00ed dotazn\u00edkov\u00e9ho \u0161et\u0159en\u00ed za \u00fa\u010delem pr\u016fb\u011b\u017en\u00e9ho hodnocen\u00ed akc\u00ed. \u0160et\u0159en\u00ed bude prov\u00e1d\u011bno automaticky prost\u0159ednictv\u00edm dotazn\u00edku pomoc\u00ed aplikace Vzd\u011bl\u00e1vac\u00ed akce PRV a SP SZP.\u00a0<\/li>\n<\/ul>\n<p>[\/et_pb_text][et_pb_divider _builder_version=&#8220;4.23.4&#8243; _module_preset=&#8220;default&#8220; global_colors_info=&#8220;{}&#8220;][\/et_pb_divider][et_pb_text _builder_version=&#8220;4.16&#8243; _module_preset=&#8220;default&#8220; custom_margin=&#8220;||8px|||&#8220; custom_padding=&#8220;||0px|14px||&#8220; global_colors_info=&#8220;{}&#8220;]<\/p>\n<h3><strong>JARN\u00cd SEMIN\u00c1\u0158E SPZO V ROCE 2022<\/strong><\/h3>\n<p><span style=\"font-size: 14px;\">Vzhledem k epidemiologick\u00e9 situaci se leto\u0161n\u00ed jarn\u00ed semin\u00e1\u0159e uskute\u010dn\u00ed formou <\/span><strong style=\"font-size: 14px;\">on-line semin\u00e1\u0159e na TV ZEM\u011aD\u011aLEC.<\/strong><\/p>\n<p><span style=\"color: #186611;\"><strong style=\"font-size: 22px;\">Semin\u00e1\u0159 prob\u011bhl\u00a0<\/strong><strong style=\"font-size: 22px;\">v \u00fater\u00fd 15. 2. 2021\u00a0<\/strong><\/span><\/p>\n<p><span style=\"color: #186611;\"><strong style=\"font-size: 22px;\">od 9:00 hodin\u00a0<\/strong><strong style=\"font-size: 22px;\">na TV ZEM\u011aD\u011aLEC <\/strong><\/span><\/p>\n<p><em><strong>Program semin\u00e1\u0159e:<\/strong><\/em><\/p>\n<ul>\n<li><strong>9:00\u20139:05 Zah\u00e1jen\u00ed semin\u00e1\u0159e<\/strong><br \/><em>&#8211; Ing. Martin Sedl\u00e1\u010dek<\/em><\/li>\n<li><strong>9:05\u20139:25 Stav porost\u016f ozim\u00e9 \u0159epky na ja\u0159e 2022<\/strong><br \/><em>&#8211; <span>Ing. Roman Hrdina<\/span><\/em><\/li>\n<li><strong>9:25\u20139:40\u00a0Regulace porost\u016f a fungicidn\u00ed ochrana \u0159epky v\u00a0jarn\u00edm obdob\u00ed<\/strong><br \/><em>&#8211; Ing. Roman Hnili\u010dka, Ph.D.<\/em><\/li>\n<li><strong>9:40 \u2013 10:00 Ochrana ozim\u00e9 \u0159epky proti \u0161k\u016fdc\u016fm na ja\u0159e<\/strong><br \/><em>&#8211;\u00a0Ing. Marek Seidenglanz, Ph.D.<\/em><\/li>\n<li><strong>10:00 \u2013 10:20 Odr\u016fdy \u0159epky olejky na ja\u0159e 2022<br \/><\/strong><span><em>&#8211; doc. Ing. Petr Baranyk, CSc.<\/em><\/span><\/li>\n<li><span><strong>10:20 \u2013 10:45 Mo\u017enosti a strategie hnojen\u00ed ozim\u00e9 \u0159epky v jarn\u00edm obdob\u00ed<\/strong><br \/><em>&#8211; Ing. Jind\u0159ich \u010cern\u00fd, Ph.D.<\/em><\/span><\/li>\n<li><strong><span>1<\/span>0:45 \u2013 11:05 Aktu\u00e1ln\u00ed marketingov\u00e1 situace a v\u00fdhled<\/strong><strong><br \/><\/strong><em>&#8211; Ing. Martin Volf<\/em><\/li>\n<li><strong><span>1<\/span>1:05 \u2013 11:20\u00a0N\u011bkolik aktualit (listov\u00e1 hnojiva, v\u010dely, minoritn\u00ed registrace p\u0159\u00edpravk\u016f)<\/strong><strong><br \/><\/strong><em>&#8211; Ing.\u00a0Josef \u0160ke\u0159\u00edk, CSc.<\/em><em><\/em><\/li>\n<li><strong>11:20 \u2013 11:25 Ukon\u010den\u00ed semin\u00e1\u0159e<br \/><\/strong><em>&#8211; Ing. Martin Sedl\u00e1\u010dek<\/em><\/li>\n<li><strong>11:25 <span>Aktu\u00e1ln\u00ed situace ve slune\u010dnici v\u00a0roce 2022<\/span><br \/><\/strong><em>&#8211; <span>Ing. Bo\u017eet\u011bch M\u00e1lek<\/span><\/em><\/li>\n<\/ul>\n<p><span style=\"font-size: 14px;\">\u00a0<\/span><\/p>\n<p>[\/et_pb_text][et_pb_button button_url=&#8220;https:\/\/tvzemedelec.cz&#8220; button_text=&#8220;Odkaz na TV ZEM\u011aD\u011aLEC&#8220; disabled_on=&#8220;on|on|on&#8220; _builder_version=&#8220;4.16&#8243; _module_preset=&#8220;default&#8220; custom_button=&#8220;on&#8220; button_text_color=&#8220;#4e8c17&#8243; button_font=&#8220;|800|||||||&#8220; animation_style=&#8220;roll&#8220; box_shadow_style=&#8220;preset2&#8243; disabled=&#8220;on&#8220; global_colors_info=&#8220;{}&#8220;][\/et_pb_button][et_pb_button button_url=&#8220;@ET-DC@eyJkeW5hbWljIjp0cnVlLCJjb250ZW50IjoicG9zdF9saW5rX3VybF9wYWdlIiwic2V0dGluZ3MiOnsicG9zdF9pZCI6IjIyMzIifX0=@&#8220; button_text=&#8220;Odkaz na VIDEO&#8220; disabled_on=&#8220;off|off|off&#8220; _builder_version=&#8220;4.16&#8243; _dynamic_attributes=&#8220;button_url&#8220; _module_preset=&#8220;default&#8220; custom_button=&#8220;on&#8220; button_text_color=&#8220;#4e8c17&#8243; button_font=&#8220;|800|||||||&#8220; animation_style=&#8220;roll&#8220; box_shadow_style=&#8220;preset2&#8243; global_colors_info=&#8220;{}&#8220;][\/et_pb_button][et_pb_image src=&#8220;https:\/\/www.spzo.cz\/wp-content\/uploads\/2021\/01\/jarni-seminare-obr.jpg&#8220; title_text=&#8220;Jarni Seminare Obr&#8220; _builder_version=&#8220;4.16&#8243; _module_preset=&#8220;default&#8220; animation_style=&#8220;slide&#8220; animation_direction=&#8220;left&#8220; global_colors_info=&#8220;{}&#8220;][\/et_pb_image][\/et_pb_column][et_pb_column type=&#8220;2_5&#8243; _builder_version=&#8220;4.16&#8243; _module_preset=&#8220;default&#8220; global_colors_info=&#8220;{}&#8220;][\/et_pb_column][\/et_pb_row][\/et_pb_section]<\/p>\n","protected":false},"excerpt":{"rendered":"<p>JARN\u00cd SEMIN\u00c1\u0158E Svaz p\u011bstitel\u016f a zpracovatel\u016f olejnin (d\u00e1le jen SPZO) organizuje v \u00fanoru a b\u0159eznu n\u011bkolik jarn\u00edch semin\u00e1\u0159\u016f s n\u00e1sleduj\u00edc\u00ed t\u00e9matikou: V\u00fdsledky p\u011bstov\u00e1n\u00ed \u0159epky v\u00a0minul\u00e9 sez\u00f3n\u011b a aktu\u00e1ln\u00ed stav porost\u016f ozim\u00e9 \u0159epky v\u00a0regionu Z\u00e1sady v\u00fd\u017eivy a hnojen\u00ed \u0159epky na ja\u0159e Aplikace listov\u00fdch hnojiv a stimul\u00e1tor\u016f, v\u00fdsledky pokus\u016f Ochrana ozim\u00e9 \u0159epky proti \u0161k\u016fdc\u016fm Regulace porost\u016f \u0159epky [&hellip;]<\/p>\n","protected":false},"author":1,"featured_media":0,"parent":33,"menu_order":0,"comment_status":"closed","ping_status":"closed","template":"","meta":{"_et_pb_use_builder":"on","_et_pb_old_content":"","_et_gb_content_width":"","footnotes":""},"class_list":["post-49","page","type-page","status-publish","hentry"],"_links":{"self":[{"href":"https:\/\/www.spzo.cz\/index.php?rest_route=\/wp\/v2\/pages\/49","targetHints":{"allow":["GET"]}}],"collection":[{"href":"https:\/\/www.spzo.cz\/index.php?rest_route=\/wp\/v2\/pages"}],"about":[{"href":"https:\/\/www.spzo.cz\/index.php?rest_route=\/wp\/v2\/types\/page"}],"author":[{"embeddable":true,"href":"https:\/\/www.spzo.cz\/index.php?rest_route=\/wp\/v2\/users\/1"}],"replies":[{"embeddable":true,"href":"https:\/\/www.spzo.cz\/index.php?rest_route=%2Fwp%2Fv2%2Fcomments&post=49"}],"version-history":[{"count":29,"href":"https:\/\/www.spzo.cz\/index.php?rest_route=\/wp\/v2\/pages\/49\/revisions"}],"predecessor-version":[{"id":4477,"href":"https:\/\/www.spzo.cz\/index.php?rest_route=\/wp\/v2\/pages\/49\/revisions\/4477"}],"up":[{"embeddable":true,"href":"https:\/\/www.spzo.cz\/index.php?rest_route=\/wp\/v2\/pages\/33"}],"wp:attachment":[{"href":"https:\/\/www.spzo.cz\/index.php?rest_route=%2Fwp%2Fv2%2Fmedia&parent=49"}],"curies":[{"name":"wp","href":"https:\/\/api.w.org\/{rel}","templated":true}]}}